{"id":29,"date":"2023-06-10T23:58:31","date_gmt":"2023-06-10T21:58:31","guid":{"rendered":"https:\/\/vag-lorraine.fr\/?page_id=29"},"modified":"2025-10-08T23:13:43","modified_gmt":"2025-10-08T21:13:43","slug":"nos-services","status":"publish","type":"page","link":"https:\/\/vag-lorraine.fr\/index.php\/nos-services\/","title":{"rendered":"Nos services"},"content":{"rendered":"\n<div class=\"wp-block-cover has-parallax\" style=\"padding-top:0;padding-right:var(--wp--preset--spacing--20);padding-bottom:0;padding-left:var(--wp--preset--spacing--20);min-height:494px;aspect-ratio:unset;\"><div class=\"wp-block-cover__image-background wp-image-1625 has-parallax\" style=\"background-position:50% 50%;background-image:url(https:\/\/vag-lorraine.fr\/wp-content\/uploads\/2023\/08\/pexels-daniel-andraski-13275549-1-scaled.jpg)\"><\/div><span aria-hidden=\"true\" class=\"wp-block-cover__background has-background-dim\"><\/span><div class=\"wp-block-cover__inner-container is-layout-flow wp-block-cover-is-layout-flow\">\n<div class=\"wp-block-columns is-layout-flex wp-container-core-columns-is-layout-28f84493 wp-block-columns-is-layout-flex\">\n<div class=\"wp-block-column is-layout-flow wp-block-column-is-layout-flow\" style=\"padding-right:var(--wp--preset--spacing--50);padding-left:var(--wp--preset--spacing--50)\">\n<h2 class=\"wp-block-heading has-text-align-center animated fadeIn delay-500ms has-x-large-font-size\" style=\"text-transform:uppercase\"><strong>VAG Lorraine R\u00e9parateur expert Volkswagen \u00e0 Petite-Rosselle vous aide \u00e0 personnaliser votre voiture.<\/strong><\/h2>\n<\/div>\n<\/div>\n<\/div><\/div>\n\n\n\n<div id=\"wp-block-themeisle-blocks-advanced-columns-55b78b58\" class=\"wp-block-themeisle-blocks-advanced-columns alignfull has-5-columns has-desktop-equal-layout has-tablet-equal-layout has-mobile-collapsedRows-layout has-vertical-center ticss-c00aadba has-light-bg\"><div class=\"wp-block-themeisle-blocks-advanced-columns-overlay\"><\/div><div class=\"innerblocks-wrap\">\n<div id=\"wp-block-themeisle-blocks-advanced-column-d16eef57\" class=\"wp-block-themeisle-blocks-advanced-column\">\n<div class=\"wp-block-group cedposgroup has-global-padding is-layout-constrained wp-block-group-is-layout-constrained\">\n<figure class=\"wp-block-image aligncenter size-large has-custom-border\"><img loading=\"lazy\" decoding=\"async\" width=\"1024\" height=\"790\" src=\"https:\/\/vag-lorraine.fr\/wp-content\/uploads\/2023\/08\/Apple-car-play-2-1024x790.jpg\" alt=\"Installation du Carplay par VAG Lorraine\" class=\"wp-image-1541\" style=\"border-radius:10px\" srcset=\"https:\/\/vag-lorraine.fr\/wp-content\/uploads\/2023\/08\/Apple-car-play-2-1024x790.jpg 1024w, https:\/\/vag-lorraine.fr\/wp-content\/uploads\/2023\/08\/Apple-car-play-2-300x231.jpg 300w, https:\/\/vag-lorraine.fr\/wp-content\/uploads\/2023\/08\/Apple-car-play-2-768x592.jpg 768w, https:\/\/vag-lorraine.fr\/wp-content\/uploads\/2023\/08\/Apple-car-play-2.jpg 1080w\" sizes=\"auto, (max-width: 1024px) 100vw, 1024px\" \/><\/figure>\n\n\n\n<h3 id=\"wp-block-themeisle-blocks-advanced-heading-af4a6933\" class=\"wp-block-themeisle-blocks-advanced-heading wp-block-themeisle-blocks-advanced-heading-af4a6933\"><strong>SOYEZ CONNECTES <\/strong><\/h3>\n\n\n\n<p class=\"has-text-align-center has-text-color has-link-color wp-elements-8b5146905360bd9e15621fabb3b58061\" style=\"color:#091740;padding-top:var(--wp--preset--spacing--20);padding-right:var(--wp--preset--spacing--20);padding-bottom:var(--wp--preset--spacing--20);padding-left:var(--wp--preset--spacing--20)\">Apple-Carplay ou Android Auto, connectez-vous !<\/p>\n\n\n\n<div class=\"wp-block-buttons cedposbtn is-content-justification-center is-layout-flex wp-container-core-buttons-is-layout-a89b3969 wp-block-buttons-is-layout-flex\">\n<div class=\"wp-block-button is-style-primary\"><a class=\"wp-block-button__link has-ti-bg-alt-background-color has-text-color has-background has-link-color has-border-color wp-element-button\" href=\"https:\/\/vag-lorraine.fr\/index.php\/reparateur-volkswagen\/#connect\" style=\"border-color:#091740;border-width:1px;border-radius:50px;color:#091740;box-shadow:var(--wp--preset--shadow--natural)\">En savoir +<\/a><\/div>\n<\/div>\n<\/div>\n<\/div>\n\n\n\n<div id=\"wp-block-themeisle-blocks-advanced-column-bd1b0b6b\" class=\"wp-block-themeisle-blocks-advanced-column\">\n<div class=\"wp-block-group cedposgroup has-global-padding is-layout-constrained wp-block-group-is-layout-constrained\">\n<figure class=\"wp-block-image aligncenter size-large has-custom-border\"><img loading=\"lazy\" decoding=\"async\" width=\"1024\" height=\"790\" src=\"https:\/\/vag-lorraine.fr\/wp-content\/uploads\/2023\/08\/Camera-de-recul-Audi-1024x790.jpg\" alt=\"Tableau de bord avec cam\u00e9ra de recul sur \u00e9cran multifonction d'origine install\u00e9 par VAG Lorraine r\u00e9parateur Agr\u00e9\u00e9 Volkswagen Petite Rosselle\" class=\"wp-image-1444\" style=\"border-radius:10px\" srcset=\"https:\/\/vag-lorraine.fr\/wp-content\/uploads\/2023\/08\/Camera-de-recul-Audi-1024x790.jpg 1024w, https:\/\/vag-lorraine.fr\/wp-content\/uploads\/2023\/08\/Camera-de-recul-Audi-300x231.jpg 300w, https:\/\/vag-lorraine.fr\/wp-content\/uploads\/2023\/08\/Camera-de-recul-Audi-768x592.jpg 768w, https:\/\/vag-lorraine.fr\/wp-content\/uploads\/2023\/08\/Camera-de-recul-Audi.jpg 1080w\" sizes=\"auto, (max-width: 1024px) 100vw, 1024px\" \/><\/figure>\n\n\n\n<h3 id=\"wp-block-themeisle-blocks-advanced-heading-112ba0b0\" class=\"wp-block-themeisle-blocks-advanced-heading wp-block-themeisle-blocks-advanced-heading-112ba0b0\"><strong>CAMERA DE RECUL<\/strong> <\/h3>\n\n\n\n<p class=\"has-text-align-center has-text-color has-link-color wp-elements-392f33a08d672201658c3c2fbbc49f3e\" style=\"color:#091740;padding-top:var(--wp--preset--spacing--20);padding-right:var(--wp--preset--spacing--20);padding-bottom:var(--wp--preset--spacing--20);padding-left:var(--wp--preset--spacing--20)\">Faites vos man\u0153uvres gr\u00e2ce \u00e0 la cam\u00e9ra de recul int\u00e9gr\u00e9e !<\/p>\n\n\n\n<div class=\"wp-block-buttons cedposbtn is-content-justification-center is-layout-flex wp-container-core-buttons-is-layout-a89b3969 wp-block-buttons-is-layout-flex\">\n<div class=\"wp-block-button is-style-primary\"><a class=\"wp-block-button__link has-ti-bg-alt-background-color has-text-color has-background has-link-color has-border-color wp-element-button\" href=\"https:\/\/vag-lorraine.fr\/index.php\/reparateur-volkswagen\/#recul\" style=\"border-color:#091740;border-width:1px;border-radius:50px;color:#091740;box-shadow:var(--wp--preset--shadow--natural)\">En savoir +<\/a><\/div>\n<\/div>\n<\/div>\n<\/div>\n\n\n\n<div id=\"wp-block-themeisle-blocks-advanced-column-07b3d357\" class=\"wp-block-themeisle-blocks-advanced-column\">\n<div class=\"wp-block-group cedposgroup has-global-padding is-layout-constrained wp-block-group-is-layout-constrained\">\n<figure class=\"wp-block-image aligncenter size-large has-custom-border\"><img loading=\"lazy\" decoding=\"async\" width=\"1024\" height=\"790\" src=\"https:\/\/vag-lorraine.fr\/wp-content\/uploads\/2023\/08\/VAG-Lorraine-Regulateur-de-vitesse-Skoda-1024x790.jpg\" alt=\"Limitateur et r\u00e9gulateur de vitesse ajout\u00e9 aux commodos du volant  r\u00e9parateur Agr\u00e9\u00e9 Volkswagen Petite Rosselle\" class=\"wp-image-1445\" style=\"border-radius:10px\" srcset=\"https:\/\/vag-lorraine.fr\/wp-content\/uploads\/2023\/08\/VAG-Lorraine-Regulateur-de-vitesse-Skoda-1024x790.jpg 1024w, https:\/\/vag-lorraine.fr\/wp-content\/uploads\/2023\/08\/VAG-Lorraine-Regulateur-de-vitesse-Skoda-300x231.jpg 300w, https:\/\/vag-lorraine.fr\/wp-content\/uploads\/2023\/08\/VAG-Lorraine-Regulateur-de-vitesse-Skoda-768x592.jpg 768w, https:\/\/vag-lorraine.fr\/wp-content\/uploads\/2023\/08\/VAG-Lorraine-Regulateur-de-vitesse-Skoda.jpg 1080w\" sizes=\"auto, (max-width: 1024px) 100vw, 1024px\" \/><\/figure>\n\n\n\n<h3 id=\"wp-block-themeisle-blocks-advanced-heading-c1dd424b\" class=\"wp-block-themeisle-blocks-advanced-heading wp-block-themeisle-blocks-advanced-heading-c1dd424b\"><strong>AIDE A LA CONDUITE<\/strong><\/h3>\n\n\n\n<p class=\"has-text-align-center has-text-color has-link-color wp-elements-366e1a6f113826e22e6cc41966c00e52\" style=\"color:#091740;padding-top:var(--wp--preset--spacing--20);padding-right:var(--wp--preset--spacing--20);padding-bottom:var(--wp--preset--spacing--20);padding-left:var(--wp--preset--spacing--20)\">Confort et s\u00e9curit\u00e9 gr\u00e2ce \u00e0 de nouvelles technologies !<\/p>\n\n\n\n<div class=\"wp-block-buttons cedposbtn is-content-justification-center is-layout-flex wp-container-core-buttons-is-layout-a89b3969 wp-block-buttons-is-layout-flex\">\n<div class=\"wp-block-button is-style-primary\"><a class=\"wp-block-button__link has-ti-bg-alt-background-color has-text-color has-background has-link-color has-border-color wp-element-button\" href=\"https:\/\/vag-lorraine.fr\/index.php\/reparateur-volkswagen\/#cond\" style=\"border-color:#091740;border-width:1px;border-radius:50px;color:#091740;box-shadow:var(--wp--preset--shadow--natural)\">En savoir +<\/a><\/div>\n<\/div>\n<\/div>\n<\/div>\n\n\n\n<div id=\"wp-block-themeisle-blocks-advanced-column-0fc3777e\" class=\"wp-block-themeisle-blocks-advanced-column\">\n<div class=\"wp-block-group cedposgroup has-global-padding is-layout-constrained wp-block-group-is-layout-constrained\">\n<figure class=\"wp-block-image aligncenter size-large has-custom-border\"><img loading=\"lazy\" decoding=\"async\" width=\"1024\" height=\"790\" src=\"https:\/\/vag-lorraine.fr\/wp-content\/uploads\/2023\/08\/Atellage-amovible-VW-Golf-2-1024x790.jpg\" alt=\"Attache remorque install\u00e9e par VAG Lorraine  garage Agr\u00e9\u00e9 Volkswagen Petite Rosselle\" class=\"wp-image-1783\" style=\"border-radius:10px\" srcset=\"https:\/\/vag-lorraine.fr\/wp-content\/uploads\/2023\/08\/Atellage-amovible-VW-Golf-2-1024x790.jpg 1024w, https:\/\/vag-lorraine.fr\/wp-content\/uploads\/2023\/08\/Atellage-amovible-VW-Golf-2-300x231.jpg 300w, https:\/\/vag-lorraine.fr\/wp-content\/uploads\/2023\/08\/Atellage-amovible-VW-Golf-2-768x592.jpg 768w, https:\/\/vag-lorraine.fr\/wp-content\/uploads\/2023\/08\/Atellage-amovible-VW-Golf-2.jpg 1080w\" sizes=\"auto, (max-width: 1024px) 100vw, 1024px\" \/><\/figure>\n\n\n\n<h3 id=\"wp-block-themeisle-blocks-advanced-heading-196f4669\" class=\"wp-block-themeisle-blocks-advanced-heading wp-block-themeisle-blocks-advanced-heading-196f4669\"><strong>A<\/strong>TTELAGE <\/h3>\n\n\n\n<p class=\"has-text-align-center has-text-color has-link-color wp-elements-bb825a14099abfd20202f72066acdd7b\" style=\"color:#091740;padding-top:var(--wp--preset--spacing--20);padding-right:var(--wp--preset--spacing--20);padding-bottom:var(--wp--preset--spacing--20);padding-left:var(--wp--preset--spacing--20)\">Transportez vos charges  gr\u00e2ce \u00e0 l&rsquo;attelage amovible !<\/p>\n\n\n\n<div class=\"wp-block-buttons cedposbtn is-content-justification-center is-layout-flex wp-container-core-buttons-is-layout-a89b3969 wp-block-buttons-is-layout-flex\">\n<div class=\"wp-block-button is-style-primary\"><a class=\"wp-block-button__link has-ti-bg-alt-background-color has-text-color has-background has-link-color has-border-color wp-element-button\" href=\"https:\/\/vag-lorraine.fr\/index.php\/reparateur-volkswagen\/#attelage\" style=\"border-color:#091740;border-width:1px;border-radius:50px;color:#091740;box-shadow:var(--wp--preset--shadow--natural)\">En savoir +<\/a><\/div>\n<\/div>\n<\/div>\n<\/div>\n\n\n\n<div id=\"wp-block-themeisle-blocks-advanced-column-6e97a270\" class=\"wp-block-themeisle-blocks-advanced-column\">\n<div class=\"wp-block-group cedposgroup has-global-padding is-layout-constrained wp-block-group-is-layout-constrained\">\n<figure class=\"wp-block-image aligncenter size-large has-custom-border\"><img loading=\"lazy\" decoding=\"async\" width=\"1024\" height=\"790\" src=\"https:\/\/vag-lorraine.fr\/wp-content\/uploads\/2023\/08\/VAG-Lorraine-CODAGE-1024x790.jpg\" alt=\"Codage sur ordinateur de votre voiture pour ajouter ou activer des options cach\u00e9es \u00e0 votre voiture grace \u00e0 nos outils agr\u00e9\u00e9s Volkswagen\" class=\"wp-image-1448\" style=\"border-radius:10px\" srcset=\"https:\/\/vag-lorraine.fr\/wp-content\/uploads\/2023\/08\/VAG-Lorraine-CODAGE-1024x790.jpg 1024w, https:\/\/vag-lorraine.fr\/wp-content\/uploads\/2023\/08\/VAG-Lorraine-CODAGE-300x231.jpg 300w, https:\/\/vag-lorraine.fr\/wp-content\/uploads\/2023\/08\/VAG-Lorraine-CODAGE-768x592.jpg 768w, https:\/\/vag-lorraine.fr\/wp-content\/uploads\/2023\/08\/VAG-Lorraine-CODAGE.jpg 1080w\" sizes=\"auto, (max-width: 1024px) 100vw, 1024px\" \/><\/figure>\n\n\n\n<h3 id=\"wp-block-themeisle-blocks-advanced-heading-a2fb09e2\" class=\"wp-block-themeisle-blocks-advanced-heading wp-block-themeisle-blocks-advanced-heading-a2fb09e2\">CODAGE<\/h3>\n\n\n\n<p class=\"has-text-align-center has-text-color has-link-color wp-elements-25a71f4a1cc99ba40418194c293c42cf\" style=\"color:#091740;padding-top:var(--wp--preset--spacing--20);padding-right:var(--wp--preset--spacing--20);padding-bottom:var(--wp--preset--spacing--20);padding-left:var(--wp--preset--spacing--20)\">Ajoutez ou activez des options sur votre voiture !<\/p>\n\n\n\n<div class=\"wp-block-buttons cedposbtn is-content-justification-center is-layout-flex wp-container-core-buttons-is-layout-a89b3969 wp-block-buttons-is-layout-flex\">\n<div class=\"wp-block-button is-style-primary\"><a class=\"wp-block-button__link has-ti-bg-alt-background-color has-text-color has-background has-link-color has-border-color wp-element-button\" href=\"https:\/\/vag-lorraine.fr\/index.php\/reparateur-volkswagen\/#codage\" style=\"border-color:#091740;border-width:1px;border-radius:50px;color:#091740;box-shadow:var(--wp--preset--shadow--natural)\">En savoir +<\/a><\/div>\n<\/div>\n<\/div>\n<\/div>\n<\/div><\/div>\n\n\n\n<div class=\"wp-block-cover has-parallax\"><div class=\"wp-block-cover__image-background wp-image-1453 has-parallax\" style=\"background-position:50% 50%;background-image:url(https:\/\/vag-lorraine.fr\/wp-content\/uploads\/2023\/08\/pexels-alex-9878897-scaled.jpg)\"><\/div><span aria-hidden=\"true\" class=\"wp-block-cover__background has-background-dim\"><\/span><div class=\"wp-block-cover__inner-container is-layout-flow wp-block-cover-is-layout-flow\">\n<p class=\"has-text-align-center has-large-font-size\">Prenez plaisir au volant de votre voiture !<\/p>\n\n\n\n<div style=\"height:20px\" aria-hidden=\"true\" class=\"wp-block-spacer\"><\/div>\n\n\n\n<div class=\"wp-block-buttons is-content-justification-center is-layout-flex wp-container-core-buttons-is-layout-c124d1c4 wp-block-buttons-is-layout-flex\">\n<div class=\"wp-block-button animated fadeIn delay-200ms is-style-outline is-style-outline--1\"><a class=\"wp-block-button__link has-ti-bg-alt-color has-text-color has-background has-medium-font-size has-text-align-center has-custom-font-size wp-element-button\" href=\"https:\/\/vag-lorraine.fr\/index.php\/contact\/\" style=\"border-radius:50px;background-color:#ffffff30\">Je me renseigne !<\/a><\/div>\n<\/div>\n<\/div><\/div>\n\n\n\n<h2 class=\"wp-block-heading has-text-align-center has-ti-bg-alt-color has-text-color has-background has-large-font-size\" style=\"background-color:#091740\"><strong>NOS PARTENAIRES<\/strong><\/h2>\n\n\n\n<div id=\"wp-block-themeisle-blocks-slider-bcc65ff5\" class=\"wp-block-themeisle-blocks-slider glide\" data-per-view=\"4\" data-gap=\"20\" data-peek=\"10\" data-autoplay=\"true\" data-height=\"300px\" data-hide-arrows=\"false\"><div class=\"glide__track\" data-glide-el=\"track\"><div class=\"glide__slides\"><div class=\"wp-block-themeisle-blocks-slider-item-wrapper glide__slide\" tabindex=\"0\"><figure><img decoding=\"async\" class=\"wp-block-themeisle-blocks-slider-item\" src=\"https:\/\/vag-lorraine.fr\/wp-content\/uploads\/2023\/08\/Volkswagen-vw-saint-avold-longeville-audi-seat-skoda-atelier-magasin.jpg\" alt=\"Logo volkswagen\" title=\"Logo volkswagen\" data-id=\"1430\"\/><figcaption>Volkswagen Saint Avold<\/figcaption><\/figure><\/div><div class=\"wp-block-themeisle-blocks-slider-item-wrapper glide__slide\" tabindex=\"0\"><figure><img decoding=\"async\" class=\"wp-block-themeisle-blocks-slider-item\" src=\"https:\/\/vag-lorraine.fr\/wp-content\/uploads\/2023\/08\/BR-Performance-Luxembourg.png\" alt=\"Logo BR performance\" title=\"Logo BR performance\" data-id=\"1418\"\/><figcaption>BR Performance Luxembourg<\/figcaption><\/figure><\/div><div class=\"wp-block-themeisle-blocks-slider-item-wrapper glide__slide\" tabindex=\"0\"><figure><img decoding=\"async\" class=\"wp-block-themeisle-blocks-slider-item\" src=\"https:\/\/vag-lorraine.fr\/wp-content\/uploads\/2023\/08\/VAG-34.png\" alt=\"Logo VAG34 - Diag Auto\" title=\"Logo VAG34 - Diag Auto\" data-id=\"1427\"\/><figcaption>VAG 34<\/figcaption><\/figure><\/div><div class=\"wp-block-themeisle-blocks-slider-item-wrapper glide__slide\" tabindex=\"0\"><figure><img decoding=\"async\" class=\"wp-block-themeisle-blocks-slider-item\" src=\"https:\/\/vag-lorraine.fr\/wp-content\/uploads\/2023\/08\/VW-SARREGUEMINES.png\" alt=\"Logo volkswagen\" title=\"Logo volkswagen\" data-id=\"1431\"\/><figcaption>Volkswagen Sarreguemines<\/figcaption><\/figure><\/div><div class=\"wp-block-themeisle-blocks-slider-item-wrapper glide__slide\" tabindex=\"0\"><figure><img decoding=\"async\" class=\"wp-block-themeisle-blocks-slider-item\" src=\"https:\/\/vag-lorraine.fr\/wp-content\/uploads\/2023\/08\/CODING-VAG-France.jpg\" alt=\"Coding VAG France\" title=\"Coding VAG France\" data-id=\"1419\"\/><figcaption>VAG France &#8211; Reims<\/figcaption><\/figure><\/div><div class=\"wp-block-themeisle-blocks-slider-item-wrapper glide__slide\" tabindex=\"0\"><figure><img decoding=\"async\" class=\"wp-block-themeisle-blocks-slider-item\" src=\"https:\/\/vag-lorraine.fr\/wp-content\/uploads\/2023\/08\/VAG-78.jpg\" alt=\"VAG 78\" title=\"VAG 78\" data-id=\"1428\"\/><figcaption>VAG 78 &#8211; Paris<\/figcaption><\/figure><\/div><div class=\"wp-block-themeisle-blocks-slider-item-wrapper glide__slide\" tabindex=\"0\"><figure><img decoding=\"async\" class=\"wp-block-themeisle-blocks-slider-item\" src=\"https:\/\/vag-lorraine.fr\/wp-content\/uploads\/2023\/08\/DAVEX-automobiles.png\" alt=\"Logo DAVEX AUtomobiles\" title=\"Logo DAVEX AUtomobiles\" data-id=\"1420\"\/><figcaption>DAVEX auto &#8211; Allemagne<\/figcaption><\/figure><\/div><div class=\"wp-block-themeisle-blocks-slider-item-wrapper glide__slide\" tabindex=\"0\"><figure><img decoding=\"async\" class=\"wp-block-themeisle-blocks-slider-item\" src=\"https:\/\/vag-lorraine.fr\/wp-content\/uploads\/2023\/08\/Fred-Auto-sport-Metz.jpg\" alt=\"E3 Perf\" title=\"E3 Perf\" data-id=\"1422\"\/><figcaption>Fred Auto sport &#8211; Metz<\/figcaption><\/figure><\/div><div class=\"wp-block-themeisle-blocks-slider-item-wrapper glide__slide\" tabindex=\"0\"><figure><img decoding=\"async\" class=\"wp-block-themeisle-blocks-slider-item\" src=\"https:\/\/vag-lorraine.fr\/wp-content\/uploads\/2023\/08\/LM-auto-SArrebourg.jpg\" alt=\"Logo LM Automobiles\" title=\"Logo LM Automobiles\" data-id=\"1426\"\/><figcaption>LM auto &#8211; Sarrebourg<\/figcaption><\/figure><\/div><div class=\"wp-block-themeisle-blocks-slider-item-wrapper glide__slide\" tabindex=\"0\"><figure><img decoding=\"async\" class=\"wp-block-themeisle-blocks-slider-item\" src=\"https:\/\/vag-lorraine.fr\/wp-content\/uploads\/2023\/08\/EMS-Motorsport.png\" alt=\"Logo EMS - Motor Sport\" title=\"Logo EMS - Motor Sport\" data-id=\"1421\"\/><figcaption>EMS &#8211; Grosbliederstroff<\/figcaption><\/figure><\/div><div class=\"wp-block-themeisle-blocks-slider-item-wrapper glide__slide\" tabindex=\"0\"><figure><img decoding=\"async\" class=\"wp-block-themeisle-blocks-slider-item\" src=\"https:\/\/vag-lorraine.fr\/wp-content\/uploads\/2023\/08\/Garage-du-petit-marche.png\" alt=\"Logo Garage du petit march\u00e9\" title=\"Logo Garage du petit march\u00e9\" data-id=\"1423\"\/><figcaption>Garage &#8211; Petite Rosselle<\/figcaption><\/figure><\/div><div class=\"wp-block-themeisle-blocks-slider-item-wrapper glide__slide\" tabindex=\"0\"><figure><img decoding=\"async\" class=\"wp-block-themeisle-blocks-slider-item\" src=\"https:\/\/vag-lorraine.fr\/wp-content\/uploads\/2023\/08\/Led-Car-Alsace.jpg\" alt=\"LOGO LED CAR ALSACE\" title=\"LOGO LED CAR ALSACE\" data-id=\"1425\"\/><figcaption>Led Car Alsace Souffelweyersheim<\/figcaption><\/figure><\/div><div class=\"wp-block-themeisle-blocks-slider-item-wrapper glide__slide\" tabindex=\"0\"><figure><img decoding=\"async\" class=\"wp-block-themeisle-blocks-slider-item\" src=\"https:\/\/vag-lorraine.fr\/wp-content\/uploads\/2023\/08\/Garage-Gerard.jpg\" alt=\"Logo Garage Gerard\" title=\"Logo Garage Gerard\" data-id=\"1424\"\/><figcaption>Garage Gerard &#8211; Phalsbourg<\/figcaption><\/figure><\/div><div class=\"wp-block-themeisle-blocks-slider-item-wrapper glide__slide\" tabindex=\"0\"><figure><img decoding=\"async\" class=\"wp-block-themeisle-blocks-slider-item\" src=\"https:\/\/vag-lorraine.fr\/wp-content\/uploads\/2023\/08\/VAG-MQB-SUD-PACA.png\" alt=\"Logo VAG SUD PACA\" title=\"Logo VAG SUD PACA\" data-id=\"1429\"\/><figcaption>VAG MQB &#8211; La Ciotat (13)<\/figcaption><\/figure><\/div><\/div><\/div><\/div>\n\n\n\n<div class=\"wp-block-group is-layout-flow wp-block-group-is-layout-flow\">\n<div class=\"wp-block-cover is-light has-parallax\" style=\"min-height:527px;aspect-ratio:unset;\"><div class=\"wp-block-cover__image-background wp-image-1953 has-parallax\" style=\"background-position:50% 50%;background-image:url(https:\/\/vag-lorraine.fr\/wp-content\/uploads\/2023\/08\/Confiance-VAG-Lorraine-1024x683.jpg)\"><\/div><span aria-hidden=\"true\" class=\"wp-block-cover__background has-background-dim\"><\/span><div class=\"wp-block-cover__inner-container is-layout-flow wp-block-cover-is-layout-flow\">\n<p class=\"has-text-align-center has-ti-bg-alt-color has-text-color has-x-large-font-size\"><strong>VAG LORRAINE A VOTRE SERVICE<\/strong> :<\/p>\n\n\n\n<div style=\"height:40px\" aria-hidden=\"true\" class=\"wp-block-spacer\"><\/div>\n\n\n\n<p class=\"has-text-align-center has-ti-bg-alt-color has-text-color has-large-font-size\"><strong>Un partenariat 100% confiance<\/strong><\/p>\n\n\n\n<p class=\"has-text-align-center has-ti-bg-alt-color has-text-color has-large-font-size\"><strong>Une garantie 100% qualit\u00e9<\/strong><\/p>\n\n\n\n<p class=\"has-text-align-center has-ti-bg-alt-color has-text-color has-large-font-size\"><strong>Des clients 100% satisfaits<\/strong><\/p>\n\n\n\n<p class=\"has-text-align-center has-ti-bg-alt-color has-text-color has-large-font-size\"><strong>Garage agr\u00e9\u00e9 100% Volkswagen<\/strong><\/p>\n\n\n\n<div style=\"height:40px\" aria-hidden=\"true\" class=\"wp-block-spacer\"><\/div>\n\n\n\n<div class=\"wp-block-buttons alignfull has-custom-font-size has-large-font-size is-content-justification-center is-nowrap is-layout-flex wp-container-core-buttons-is-layout-843270d6 wp-block-buttons-is-layout-flex\">\n<div class=\"wp-block-button is-style-outline is-style-outline--2\"><a class=\"wp-block-button__link has-ti-bg-color has-text-color has-background has-medium-font-size has-custom-font-size wp-element-button\" href=\"https:\/\/vag-lorraine.fr\/index.php\/contact\/\" style=\"border-radius:100px;background-color:#ffffff59\">Je demande mon devis GRATUIT !<\/a><\/div>\n<\/div>\n<\/div><\/div>\n\n\n\n<div style=\"height:30px\" aria-hidden=\"true\" class=\"wp-block-spacer\"><\/div>\n<\/div>\n\n\n\n<div class=\"wp-block-columns is-layout-flex wp-container-core-columns-is-layout-28f84493 wp-block-columns-is-layout-flex\">\n<div class=\"wp-block-column is-layout-flow wp-block-column-is-layout-flow\">\n<div class=\"wp-block-columns is-layout-flex wp-container-core-columns-is-layout-28f84493 wp-block-columns-is-layout-flex\">\n<div class=\"wp-block-column is-vertically-aligned-center is-layout-flow wp-container-core-column-is-layout-cb190963 wp-block-column-is-layout-flow\" style=\"padding-top:var(--wp--preset--spacing--40);padding-right:var(--wp--preset--spacing--40);padding-bottom:var(--wp--preset--spacing--40);padding-left:var(--wp--preset--spacing--40);flex-basis:50%\">\n<h2 class=\"wp-block-heading\">D\u00e9couvrez l&rsquo;histoire du GROUPE VAG<\/h2>\n\n\n\n<p class=\"has-text-color has-link-color wp-elements-f885a42ce19c4f30f8c0c56846c589b7\" style=\"color:#091740;padding-top:var(--wp--preset--spacing--40);padding-bottom:var(--wp--preset--spacing--40)\">De la date de cr\u00e9ation aux derni\u00e8res technologies, le groupe VAG s&rsquo;est d\u00e9marqu\u00e9 dans le temps gr\u00e2ce \u00e0 son audace et sa volont\u00e9 de d\u00e9veloppement mondial. Nous r\u00e9sumons dans cet article tout ce que vous devez savoir !<\/p>\n\n\n\n<div class=\"wp-block-buttons is-layout-flex wp-container-core-buttons-is-layout-53a0d11e wp-block-buttons-is-layout-flex\" style=\"padding-top:var(--wp--preset--spacing--40);padding-bottom:var(--wp--preset--spacing--40)\">\n<div class=\"wp-block-button\"><a class=\"wp-block-button__link has-ti-bg-alt-background-color has-text-color has-background has-link-color has-border-color wp-element-button\" href=\"https:\/\/vag-lorraine.fr\/index.php\/vag\/\" style=\"border-color:#091740;border-width:1px;border-radius:50px;color:#091740;box-shadow:var(--wp--preset--shadow--natural)\">Lire l&rsquo;article&#8230;<\/a><\/div>\n<\/div>\n<\/div>\n\n\n\n<div class=\"wp-block-column is-vertically-aligned-center is-layout-flow wp-block-column-is-layout-flow\">\n<figure class=\"wp-block-image aligncenter size-full is-resized\"><img loading=\"lazy\" decoding=\"async\" width=\"640\" height=\"471\" src=\"https:\/\/vag-lorraine.fr\/wp-content\/uploads\/2023\/09\/groupe-volkswagen.jpg\" alt=\"VAG Lorraine r\u00e9alise des interventions sur les v\u00e9hicule de la marque Volkswagen, Seat, Audi, Porsche, Bentley et Lamborghini\" class=\"wp-image-2072\" style=\"width:356px;height:auto\" srcset=\"https:\/\/vag-lorraine.fr\/wp-content\/uploads\/2023\/09\/groupe-volkswagen.jpg 640w, https:\/\/vag-lorraine.fr\/wp-content\/uploads\/2023\/09\/groupe-volkswagen-300x221.jpg 300w\" sizes=\"auto, (max-width: 640px) 100vw, 640px\" \/><\/figure>\n<\/div>\n<\/div>\n<\/div>\n<\/div>\n\n\n\n<p><\/p>\n","protected":false},"excerpt":{"rendered":"<p>NOS PARTENAIRES D\u00e9couvrez l&rsquo;histoire du GROUPE VAG De la date de cr\u00e9ation aux derni\u00e8res technologies, le groupe VAG s&rsquo;est d\u00e9marqu\u00e9 dans le temps gr\u00e2ce \u00e0 son audace et sa volont\u00e9 de d\u00e9veloppement mondial. Nous r\u00e9sumons dans cet article tout ce que vous devez savoir !<\/p>\n","protected":false},"author":1,"featured_media":206,"parent":0,"menu_order":0,"comment_status":"closed","ping_status":"closed","template":"","meta":{"_themeisle_gutenberg_block_has_review":false,"footnotes":""},"class_list":["post-29","page","type-page","status-publish","has-post-thumbnail","hentry"],"yoast_head":"<!-- This site is optimized with the Yoast SEO plugin v27.5 - https:\/\/yoast.com\/product\/yoast-seo-wordpress\/ -->\n<title>Volkswagen \u00e0 Petite Rosselle - Garage Expert - VAG LORRAINE<\/title>\n<meta name=\"description\" content=\"Garage expert Volkswagen, Petite Rosselle nous installons Carplay, Cam\u00e9ra de recul, Feux Led, consultez l&#039;ensemble de nos services ici !\" \/>\n<meta name=\"robots\" content=\"index, follow, max-snippet:-1, max-image-preview:large, max-video-preview:-1\" \/>\n<link rel=\"canonical\" href=\"https:\/\/vag-lorraine.fr\/index.php\/nos-services\/\" \/>\n<meta property=\"og:locale\" content=\"fr_FR\" \/>\n<meta property=\"og:type\" content=\"article\" \/>\n<meta property=\"og:title\" content=\"VAG LORRAINE\" \/>\n<meta property=\"og:description\" content=\"% %\" \/>\n<meta property=\"og:url\" content=\"https:\/\/vag-lorraine.fr\/index.php\/nos-services\/\" \/>\n<meta property=\"og:site_name\" content=\"VAG LORRAINE\" \/>\n<meta property=\"article:publisher\" content=\"https:\/\/www.facebook.com\/Vag57\/?locale=fr_FR\" \/>\n<meta property=\"article:modified_time\" content=\"2025-10-08T21:13:43+00:00\" \/>\n<meta property=\"og:image\" content=\"https:\/\/vag-lorraine.fr\/wp-content\/uploads\/2023\/07\/Audi-Carplay.webp\" \/>\n\t<meta property=\"og:image:width\" content=\"480\" \/>\n\t<meta property=\"og:image:height\" content=\"360\" \/>\n\t<meta property=\"og:image:type\" content=\"image\/webp\" \/>\n<meta name=\"twitter:card\" content=\"summary_large_image\" \/>\n<meta name=\"twitter:label1\" content=\"Dur\u00e9e de lecture estim\u00e9e\" \/>\n\t<meta name=\"twitter:data1\" content=\"6 minutes\" \/>\n<script type=\"application\/ld+json\" class=\"yoast-schema-graph\">{\"@context\":\"https:\\\/\\\/schema.org\",\"@graph\":[{\"@type\":\"TechArticle\",\"@id\":\"https:\\\/\\\/vag-lorraine.fr\\\/index.php\\\/nos-services\\\/#article\",\"isPartOf\":{\"@id\":\"https:\\\/\\\/vag-lorraine.fr\\\/index.php\\\/nos-services\\\/\"},\"author\":{\"name\":\"diam629\",\"@id\":\"https:\\\/\\\/vag-lorraine.fr\\\/#\\\/schema\\\/person\\\/885dc62084d76eb0f6d51759313d59e8\"},\"headline\":\"Nos services\",\"datePublished\":\"2023-06-10T21:58:31+00:00\",\"dateModified\":\"2025-10-08T21:13:43+00:00\",\"mainEntityOfPage\":{\"@id\":\"https:\\\/\\\/vag-lorraine.fr\\\/index.php\\\/nos-services\\\/\"},\"wordCount\":211,\"publisher\":{\"@id\":\"https:\\\/\\\/vag-lorraine.fr\\\/#organization\"},\"image\":{\"@id\":\"https:\\\/\\\/vag-lorraine.fr\\\/index.php\\\/nos-services\\\/#primaryimage\"},\"thumbnailUrl\":\"https:\\\/\\\/vag-lorraine.fr\\\/wp-content\\\/uploads\\\/2023\\\/07\\\/Audi-Carplay.webp\",\"inLanguage\":\"fr-FR\"},{\"@type\":[\"WebPage\",\"ProfilePage\"],\"@id\":\"https:\\\/\\\/vag-lorraine.fr\\\/index.php\\\/nos-services\\\/\",\"url\":\"https:\\\/\\\/vag-lorraine.fr\\\/index.php\\\/nos-services\\\/\",\"name\":\"Volkswagen \u00e0 Petite Rosselle - Garage Expert - VAG LORRAINE\",\"isPartOf\":{\"@id\":\"https:\\\/\\\/vag-lorraine.fr\\\/#website\"},\"primaryImageOfPage\":{\"@id\":\"https:\\\/\\\/vag-lorraine.fr\\\/index.php\\\/nos-services\\\/#primaryimage\"},\"image\":{\"@id\":\"https:\\\/\\\/vag-lorraine.fr\\\/index.php\\\/nos-services\\\/#primaryimage\"},\"thumbnailUrl\":\"https:\\\/\\\/vag-lorraine.fr\\\/wp-content\\\/uploads\\\/2023\\\/07\\\/Audi-Carplay.webp\",\"datePublished\":\"2023-06-10T21:58:31+00:00\",\"dateModified\":\"2025-10-08T21:13:43+00:00\",\"description\":\"Garage expert Volkswagen, Petite Rosselle nous installons Carplay, Cam\u00e9ra de recul, Feux Led, consultez l'ensemble de nos services ici !\",\"breadcrumb\":{\"@id\":\"https:\\\/\\\/vag-lorraine.fr\\\/index.php\\\/nos-services\\\/#breadcrumb\"},\"inLanguage\":\"fr-FR\",\"potentialAction\":[{\"@type\":\"ReadAction\",\"target\":[\"https:\\\/\\\/vag-lorraine.fr\\\/index.php\\\/nos-services\\\/\"]}]},{\"@type\":\"ImageObject\",\"inLanguage\":\"fr-FR\",\"@id\":\"https:\\\/\\\/vag-lorraine.fr\\\/index.php\\\/nos-services\\\/#primaryimage\",\"url\":\"https:\\\/\\\/vag-lorraine.fr\\\/wp-content\\\/uploads\\\/2023\\\/07\\\/Audi-Carplay.webp\",\"contentUrl\":\"https:\\\/\\\/vag-lorraine.fr\\\/wp-content\\\/uploads\\\/2023\\\/07\\\/Audi-Carplay.webp\",\"width\":480,\"height\":360,\"caption\":\"installez un CARPLAY sur votre Audi chez VAG Lorraine\"},{\"@type\":\"BreadcrumbList\",\"@id\":\"https:\\\/\\\/vag-lorraine.fr\\\/index.php\\\/nos-services\\\/#breadcrumb\",\"itemListElement\":[{\"@type\":\"ListItem\",\"position\":1,\"name\":\"Accueil\",\"item\":\"https:\\\/\\\/vag-lorraine.fr\\\/\"},{\"@type\":\"ListItem\",\"position\":2,\"name\":\"Nos services\"}]},{\"@type\":\"WebSite\",\"@id\":\"https:\\\/\\\/vag-lorraine.fr\\\/#website\",\"url\":\"https:\\\/\\\/vag-lorraine.fr\\\/\",\"name\":\"VAG LORRAINE\",\"description\":\"Optimisez les options de votre voiture\",\"publisher\":{\"@id\":\"https:\\\/\\\/vag-lorraine.fr\\\/#organization\"},\"potentialAction\":[{\"@type\":\"SearchAction\",\"target\":{\"@type\":\"EntryPoint\",\"urlTemplate\":\"https:\\\/\\\/vag-lorraine.fr\\\/?s={search_term_string}\"},\"query-input\":{\"@type\":\"PropertyValueSpecification\",\"valueRequired\":true,\"valueName\":\"search_term_string\"}}],\"inLanguage\":\"fr-FR\"},{\"@type\":\"Organization\",\"@id\":\"https:\\\/\\\/vag-lorraine.fr\\\/#organization\",\"name\":\"VAG Lorraine\",\"url\":\"https:\\\/\\\/vag-lorraine.fr\\\/\",\"logo\":{\"@type\":\"ImageObject\",\"inLanguage\":\"fr-FR\",\"@id\":\"https:\\\/\\\/vag-lorraine.fr\\\/#\\\/schema\\\/logo\\\/image\\\/\",\"url\":\"https:\\\/\\\/vag-lorraine.fr\\\/wp-content\\\/uploads\\\/2025\\\/10\\\/bleu@2x-scaled.png\",\"contentUrl\":\"https:\\\/\\\/vag-lorraine.fr\\\/wp-content\\\/uploads\\\/2025\\\/10\\\/bleu@2x-scaled.png\",\"width\":2560,\"height\":854,\"caption\":\"VAG Lorraine\"},\"image\":{\"@id\":\"https:\\\/\\\/vag-lorraine.fr\\\/#\\\/schema\\\/logo\\\/image\\\/\"},\"sameAs\":[\"https:\\\/\\\/www.facebook.com\\\/Vag57\\\/?locale=fr_FR\"],\"mainEntityOfPage\":{\"@id\":\"https:\\\/\\\/vag-lorraine.fr\\\/index.php\\\/nos-services\\\/\"}},{\"@type\":\"Person\",\"@id\":\"https:\\\/\\\/vag-lorraine.fr\\\/#\\\/schema\\\/person\\\/885dc62084d76eb0f6d51759313d59e8\",\"name\":\"diam629\",\"image\":{\"@type\":\"ImageObject\",\"inLanguage\":\"fr-FR\",\"@id\":\"https:\\\/\\\/secure.gravatar.com\\\/avatar\\\/0e0e680baef13749bbbd26535f5ecf276e9d5e3ff3efc49582df41bb2e824914?s=96&d=mm&r=g\",\"url\":\"https:\\\/\\\/secure.gravatar.com\\\/avatar\\\/0e0e680baef13749bbbd26535f5ecf276e9d5e3ff3efc49582df41bb2e824914?s=96&d=mm&r=g\",\"contentUrl\":\"https:\\\/\\\/secure.gravatar.com\\\/avatar\\\/0e0e680baef13749bbbd26535f5ecf276e9d5e3ff3efc49582df41bb2e824914?s=96&d=mm&r=g\",\"caption\":\"diam629\"},\"mainEntityOfPage\":{\"@id\":\"https:\\\/\\\/vag-lorraine.fr\\\/index.php\\\/nos-services\\\/\"},\"sameAs\":[\"https:\\\/\\\/vag-lorraine.fr\"],\"url\":\"https:\\\/\\\/vag-lorraine.fr\\\/index.php\\\/author\\\/diam629\\\/\"}]}<\/script>\n<!-- \/ Yoast SEO plugin. -->","yoast_head_json":{"title":"Volkswagen \u00e0 Petite Rosselle - Garage Expert - VAG LORRAINE","description":"Garage expert Volkswagen, Petite Rosselle nous installons Carplay, Cam\u00e9ra de recul, Feux Led, consultez l'ensemble de nos services ici !","robots":{"index":"index","follow":"follow","max-snippet":"max-snippet:-1","max-image-preview":"max-image-preview:large","max-video-preview":"max-video-preview:-1"},"canonical":"https:\/\/vag-lorraine.fr\/index.php\/nos-services\/","og_locale":"fr_FR","og_type":"article","og_title":"VAG LORRAINE","og_description":"% %","og_url":"https:\/\/vag-lorraine.fr\/index.php\/nos-services\/","og_site_name":"VAG LORRAINE","article_publisher":"https:\/\/www.facebook.com\/Vag57\/?locale=fr_FR","article_modified_time":"2025-10-08T21:13:43+00:00","og_image":[{"width":480,"height":360,"url":"https:\/\/vag-lorraine.fr\/wp-content\/uploads\/2023\/07\/Audi-Carplay.webp","type":"image\/webp"}],"twitter_card":"summary_large_image","twitter_misc":{"Dur\u00e9e de lecture estim\u00e9e":"6 minutes"},"schema":{"@context":"https:\/\/schema.org","@graph":[{"@type":"TechArticle","@id":"https:\/\/vag-lorraine.fr\/index.php\/nos-services\/#article","isPartOf":{"@id":"https:\/\/vag-lorraine.fr\/index.php\/nos-services\/"},"author":{"name":"diam629","@id":"https:\/\/vag-lorraine.fr\/#\/schema\/person\/885dc62084d76eb0f6d51759313d59e8"},"headline":"Nos services","datePublished":"2023-06-10T21:58:31+00:00","dateModified":"2025-10-08T21:13:43+00:00","mainEntityOfPage":{"@id":"https:\/\/vag-lorraine.fr\/index.php\/nos-services\/"},"wordCount":211,"publisher":{"@id":"https:\/\/vag-lorraine.fr\/#organization"},"image":{"@id":"https:\/\/vag-lorraine.fr\/index.php\/nos-services\/#primaryimage"},"thumbnailUrl":"https:\/\/vag-lorraine.fr\/wp-content\/uploads\/2023\/07\/Audi-Carplay.webp","inLanguage":"fr-FR"},{"@type":["WebPage","ProfilePage"],"@id":"https:\/\/vag-lorraine.fr\/index.php\/nos-services\/","url":"https:\/\/vag-lorraine.fr\/index.php\/nos-services\/","name":"Volkswagen \u00e0 Petite Rosselle - Garage Expert - VAG LORRAINE","isPartOf":{"@id":"https:\/\/vag-lorraine.fr\/#website"},"primaryImageOfPage":{"@id":"https:\/\/vag-lorraine.fr\/index.php\/nos-services\/#primaryimage"},"image":{"@id":"https:\/\/vag-lorraine.fr\/index.php\/nos-services\/#primaryimage"},"thumbnailUrl":"https:\/\/vag-lorraine.fr\/wp-content\/uploads\/2023\/07\/Audi-Carplay.webp","datePublished":"2023-06-10T21:58:31+00:00","dateModified":"2025-10-08T21:13:43+00:00","description":"Garage expert Volkswagen, Petite Rosselle nous installons Carplay, Cam\u00e9ra de recul, Feux Led, consultez l'ensemble de nos services ici !","breadcrumb":{"@id":"https:\/\/vag-lorraine.fr\/index.php\/nos-services\/#breadcrumb"},"inLanguage":"fr-FR","potentialAction":[{"@type":"ReadAction","target":["https:\/\/vag-lorraine.fr\/index.php\/nos-services\/"]}]},{"@type":"ImageObject","inLanguage":"fr-FR","@id":"https:\/\/vag-lorraine.fr\/index.php\/nos-services\/#primaryimage","url":"https:\/\/vag-lorraine.fr\/wp-content\/uploads\/2023\/07\/Audi-Carplay.webp","contentUrl":"https:\/\/vag-lorraine.fr\/wp-content\/uploads\/2023\/07\/Audi-Carplay.webp","width":480,"height":360,"caption":"installez un CARPLAY sur votre Audi chez VAG Lorraine"},{"@type":"BreadcrumbList","@id":"https:\/\/vag-lorraine.fr\/index.php\/nos-services\/#breadcrumb","itemListElement":[{"@type":"ListItem","position":1,"name":"Accueil","item":"https:\/\/vag-lorraine.fr\/"},{"@type":"ListItem","position":2,"name":"Nos services"}]},{"@type":"WebSite","@id":"https:\/\/vag-lorraine.fr\/#website","url":"https:\/\/vag-lorraine.fr\/","name":"VAG LORRAINE","description":"Optimisez les options de votre voiture","publisher":{"@id":"https:\/\/vag-lorraine.fr\/#organization"},"potentialAction":[{"@type":"SearchAction","target":{"@type":"EntryPoint","urlTemplate":"https:\/\/vag-lorraine.fr\/?s={search_term_string}"},"query-input":{"@type":"PropertyValueSpecification","valueRequired":true,"valueName":"search_term_string"}}],"inLanguage":"fr-FR"},{"@type":"Organization","@id":"https:\/\/vag-lorraine.fr\/#organization","name":"VAG Lorraine","url":"https:\/\/vag-lorraine.fr\/","logo":{"@type":"ImageObject","inLanguage":"fr-FR","@id":"https:\/\/vag-lorraine.fr\/#\/schema\/logo\/image\/","url":"https:\/\/vag-lorraine.fr\/wp-content\/uploads\/2025\/10\/bleu@2x-scaled.png","contentUrl":"https:\/\/vag-lorraine.fr\/wp-content\/uploads\/2025\/10\/bleu@2x-scaled.png","width":2560,"height":854,"caption":"VAG Lorraine"},"image":{"@id":"https:\/\/vag-lorraine.fr\/#\/schema\/logo\/image\/"},"sameAs":["https:\/\/www.facebook.com\/Vag57\/?locale=fr_FR"],"mainEntityOfPage":{"@id":"https:\/\/vag-lorraine.fr\/index.php\/nos-services\/"}},{"@type":"Person","@id":"https:\/\/vag-lorraine.fr\/#\/schema\/person\/885dc62084d76eb0f6d51759313d59e8","name":"diam629","image":{"@type":"ImageObject","inLanguage":"fr-FR","@id":"https:\/\/secure.gravatar.com\/avatar\/0e0e680baef13749bbbd26535f5ecf276e9d5e3ff3efc49582df41bb2e824914?s=96&d=mm&r=g","url":"https:\/\/secure.gravatar.com\/avatar\/0e0e680baef13749bbbd26535f5ecf276e9d5e3ff3efc49582df41bb2e824914?s=96&d=mm&r=g","contentUrl":"https:\/\/secure.gravatar.com\/avatar\/0e0e680baef13749bbbd26535f5ecf276e9d5e3ff3efc49582df41bb2e824914?s=96&d=mm&r=g","caption":"diam629"},"mainEntityOfPage":{"@id":"https:\/\/vag-lorraine.fr\/index.php\/nos-services\/"},"sameAs":["https:\/\/vag-lorraine.fr"],"url":"https:\/\/vag-lorraine.fr\/index.php\/author\/diam629\/"}]}},"_links":{"self":[{"href":"https:\/\/vag-lorraine.fr\/index.php\/wp-json\/wp\/v2\/pages\/29","targetHints":{"allow":["GET"]}}],"collection":[{"href":"https:\/\/vag-lorraine.fr\/index.php\/wp-json\/wp\/v2\/pages"}],"about":[{"href":"https:\/\/vag-lorraine.fr\/index.php\/wp-json\/wp\/v2\/types\/page"}],"author":[{"embeddable":true,"href":"https:\/\/vag-lorraine.fr\/index.php\/wp-json\/wp\/v2\/users\/1"}],"replies":[{"embeddable":true,"href":"https:\/\/vag-lorraine.fr\/index.php\/wp-json\/wp\/v2\/comments?post=29"}],"version-history":[{"count":261,"href":"https:\/\/vag-lorraine.fr\/index.php\/wp-json\/wp\/v2\/pages\/29\/revisions"}],"predecessor-version":[{"id":3308,"href":"https:\/\/vag-lorraine.fr\/index.php\/wp-json\/wp\/v2\/pages\/29\/revisions\/3308"}],"wp:featuredmedia":[{"embeddable":true,"href":"https:\/\/vag-lorraine.fr\/index.php\/wp-json\/wp\/v2\/media\/206"}],"wp:attachment":[{"href":"https:\/\/vag-lorraine.fr\/index.php\/wp-json\/wp\/v2\/media?parent=29"}],"curies":[{"name":"wp","href":"https:\/\/api.w.org\/{rel}","templated":true}]}}